{"id":5422,"date":"2025-02-07T20:51:53","date_gmt":"2025-02-07T19:51:53","guid":{"rendered":"https:\/\/bb-valle-del-fino.local\/kamers\/girasole\/"},"modified":"2025-08-02T15:26:09","modified_gmt":"2025-08-02T13:26:09","slug":"girasole","status":"publish","type":"kamers","link":"https:\/\/bb-valle-del-fino.com\/de\/zimmer\/girasole\/","title":{"rendered":"Girasole \u20ac135,- pro nacht"},"content":{"rendered":"\n<p><strong>Platz und W\u00e4rme f\u00fcr Familien und Freunde<\/strong><\/p>\n\n<p>Genie\u00dfen Sie die farbenfrohe und sonnige Atmosph\u00e4re des Zimmers Girasole, inspiriert von den weiten Blumenfeldern der Abruzzen. Dieses ger\u00e4umige Vierbettzimmer ist ideal f\u00fcr Familien oder kleine Gruppen und bietet viel Komfort und Gem\u00fctlichkeit. <\/p>\n\n<p>Auf Wunsch z\u00fcnden wir gerne den Kamin f\u00fcr Sie an, damit Sie einen warmen und stimmungsvollen Abend in Ruhe genie\u00dfen k\u00f6nnen. Und die Aussicht? Die ist einfach atemberaubend: Sie blicken auf die Berge des Gran Sasso und unsere gem\u00fctliche Au\u00dfenterrasse.  <\/p>\n\n<p>Dieses zimmer verf\u00fcgt:<\/p>\n\n<ul class=\"wp-block-list\">\n<li>Ein bequemes doppelbett 180&#215;200<\/li>\n\n\n\n<li>Ein neues badezimmer mit einer ger\u00e4umigen dusche.<\/li>\n\n\n\n<li>Ein etagenbett, das auch in 2 einzelbetten umgewandelt werden kann.<\/li>\n\n\n\n<li>Eine sitzecke mit kamin.<\/li>\n<\/ul>\n\n<p><\/p>\n\n<p>Preis: 135 euro pro nacht inklusive fr\u00fchst\u00fcck.<\/p>\n\n<p><\/p>\n\n<p><a href=\"https:\/\/bb-valle-del-fino.com\/de\/uber-uns\/#boeken\"><\/a><\/p>\n","protected":false},"featured_media":5920,"template":"","class_list":["post-5422","kamers","type-kamers","status-publish","has-post-thumbnail","hentry"],"_links":{"self":[{"href":"https:\/\/bb-valle-del-fino.com\/de\/wp-json\/wp\/v2\/kamers\/5422","targetHints":{"allow":["GET"]}}],"collection":[{"href":"https:\/\/bb-valle-del-fino.com\/de\/wp-json\/wp\/v2\/kamers"}],"about":[{"href":"https:\/\/bb-valle-del-fino.com\/de\/wp-json\/wp\/v2\/types\/kamers"}],"wp:featuredmedia":[{"embeddable":true,"href":"https:\/\/bb-valle-del-fino.com\/de\/wp-json\/wp\/v2\/media\/5920"}],"wp:attachment":[{"href":"https:\/\/bb-valle-del-fino.com\/de\/wp-json\/wp\/v2\/media?parent=5422"}],"curies":[{"name":"wp","href":"https:\/\/api.w.org\/{rel}","templated":true}]}}